{"id":51,"date":"2022-12-09T18:54:33","date_gmt":"2022-12-09T17:54:33","guid":{"rendered":"https:\/\/consbelohorizonte.esteri.it\/news\/dal_consolato\/"},"modified":"2022-12-09T18:55:23","modified_gmt":"2022-12-09T17:55:23","slug":"dal_consolato","status":"publish","type":"page","link":"https:\/\/consbelohorizonte.esteri.it\/pt\/news\/dal_consolato\/","title":{"rendered":"Do Consulado"},"content":{"rendered":"        <div class=\"row\">\n\t\t\t<!-- Ricerca sedi post -->\n\t\t\t<div class=\"col-12 mt-4\">\n\t\t\t  <div class=\"callout callout-highlight note ricerca-esteri p-4\">\n                    <div class=\"callout-title\">\n                        <svg class=\"icon\">\n                            <use xlink:href=\"https:\/\/consbelohorizonte.esteri.it\/wp-content\/themes\/sedi-tema\/assets\/svg\/sprites.svg#it-search\"><\/use>\n                        <\/svg>Insira seus par\u00e2metros de pesquisa                    <\/div>\n                    <form id=\"searchFormPost\" name=\"form-search-post\" class=\"form-row align-items-center\" action=\"https:\/\/consbelohorizonte.esteri.it\/pt\/wp-json\/wp\/v2\/pages\/51\/\" method=\"GET\"> \n                        <!-- <div class=\"form-group pt-5\"> -->\n                            <!-- <input type=\"hidden\" id=\"lang\" name=\"lang\" value=\"\"> --> <!-- <\/div> -->\n\n                        <div class=\"it-datepicker-wrapper\">\n                            <div class=\"row\">\n                                <div class=\"form-group col-md-6\">\n                                    <label class=\"active\" for=\"date-init\">De<\/label>\n                                    <input class=\"form-control\" name=\"date-init\" id=\"date-init\" type=\"date\" placeholder=\"gg\/mm\/aaaa\" value=\"\"lang=\"en-EN\">  \n                                <\/div>\n                                <div class=\"form-group col-md-6\">\n                                    <label class=\"active\" for=\"date-end\">Para o<\/label>\n                                    <input class=\"form-control\" name=\"date-end\" id=\"date-end\" type=\"date\" placeholder=\"gg\/mm\/aaaa\" value=\"\">\n                                <\/div>\n                            <\/div>\n                        <\/div>\n                        <div class=\"form-group col-md-12 mt-3\">\n                            <label for=\"searchText\">Campo de pesquisa gratuito<\/label>\n                            <input type=\"text\" name=\"searchText\" class=\"form-control\" id=\"searchText\" value=\"\">\n                        <\/div>\n                        <div class=\"form-group col-md-4 offset-md-8 text-end\">\n                            <a href=\"https:\/\/consbelohorizonte.esteri.it\/pt\/news\/dal_consolato\/\" title=\"Form reset\" id=\"resetImput\" class=\"btn btn-outline-primary btn-xs\">Reset<\/a>\n                            <button type=\"submit\" class=\"btn btn-primary btn-xs\">Mostrar resultados<\/button>\n                        <\/div>\n                    <\/form>\n\t\t\t\t<\/div>\n\t\t\t<\/div>\n\t\t<\/div>\n                    \n            <div class=\"row\">\n                            <div class=\"col-12 mt-3\">\n                <!--start card-->\n                <div class=\"card-wrapper card-space\">\n                    <div class=\"card card-bg card-big border-bottom-card\">\n                        <div class=\"card-body \">\n                                                        <div class=\"category-top\">\n                                                                                                            <span class=\"\">\n                                        <svg class=\"icon icon-secondary\">\n                                            <use xlink:href=\"https:\/\/consbelohorizonte.esteri.it\/wp-content\/themes\/sedi-tema\/assets\/svg\/sprites.svg#it-calendar\"><\/use>\n                                        <\/svg> 27 April 2026                                    <\/span>\n                                                                    <\/div>\n                            <h5 class=\"card-title big-heading text-uppercase\"><a class=\"text-body text-decoration-none\" href=\"https:\/\/consbelohorizonte.esteri.it\/pt\/news\/dal_consolato\/2026\/04\/invest-your-talent-in-italy-edital-2026-2027\/\" title=\"\u201cInvest Your Talent in Italy\u201d \u2013 edital 2026\/2027\">\u201cInvest Your Talent in Italy\u201d \u2013 edital 2026\/2027<\/a><\/h5>\n                            <p class=\"card-text\">Est\u00e1 aberto o edital para o ano acad\u00eamico 2026\u20132027 do programa Invest Your Talent in Italy, iniciativa promovida pelo Minist\u00e9rio das Rela\u00e7\u00f5es Exteriores e Coopera\u00e7\u00e3o Internacional da It\u00e1lia com o objetivo de atrair estudantes internacionais altamente qualificados. O programa \u00e9 destinado a candidatos provenientes de 23 pa\u00edses priorit\u00e1rios e oferece a oportunidade de cursar mestrado [&hellip;]<\/p>\n                                <a title=\"\u201cInvest Your Talent in Italy\u201d \u2013 edital 2026\/2027\" class=\"read-more\" href=\"https:\/\/consbelohorizonte.esteri.it\/pt\/news\/dal_consolato\/2026\/04\/invest-your-talent-in-italy-edital-2026-2027\/\">\n                                    <span class=\"text\">Leia mais<\/span>\n                                    <svg class=\"icon\">\n                                    <use xlink:href=\"https:\/\/consbelohorizonte.esteri.it\/wp-content\/themes\/sedi-tema\/assets\/svg\/sprites.svg#it-arrow-right\"><\/use>\n                                    <\/svg>\n                                <\/a>\n                                                    <\/div>\n                    <\/div>\n                <\/div>\n                <!--end card-->\n                <\/div><!-- col-12 .mt-3-->\n                            <div class=\"col-12 mt-3\">\n                <!--start card-->\n                <div class=\"card-wrapper card-space\">\n                    <div class=\"card card-bg card-big border-bottom-card\">\n                        <div class=\"card-body \">\n                                                        <div class=\"category-top\">\n                                                                                                            <span class=\"\">\n                                        <svg class=\"icon icon-secondary\">\n                                            <use xlink:href=\"https:\/\/consbelohorizonte.esteri.it\/wp-content\/themes\/sedi-tema\/assets\/svg\/sprites.svg#it-calendar\"><\/use>\n                                        <\/svg> 26 March 2026                                    <\/span>\n                                                                    <\/div>\n                            <h5 class=\"card-title big-heading text-uppercase\"><a class=\"text-body text-decoration-none\" href=\"https:\/\/consbelohorizonte.esteri.it\/pt\/news\/dal_consolato\/2026\/03\/o-consulado-geral-da-italia-em-belo-horizonte-apoia-a-12a-edicao-do-festival-matias-de-oliveira-pinto-ouro-branco-2026\/\" title=\"O Consulado Geral da It\u00e1lia em Belo Horizonte apoia a 12\u00aa edi\u00e7\u00e3o do Festival Matias de Oliveira Pinto &#8211; Ouro Branco 2026\">O Consulado Geral da It\u00e1lia em Belo Horizonte apoia a 12\u00aa edi\u00e7\u00e3o do Festival Matias de Oliveira Pinto &#8211; Ouro Branco 2026<\/a><\/h5>\n                            <p class=\"card-text\">O Consulado Geral da It\u00e1lia em Belo Horizonte apoia a 12\u00aa edi\u00e7\u00e3o do Festival Matias de Oliveira Pinto, promovido pela Casa de M\u00fasica de Ouro Branco, que ser\u00e1 realizada entre os dias 28 de mar\u00e7o e 4 de abril de 2026, nas cidades de Ouro Branco e Belo Horizonte. A iniciativa reafirma o compromisso do [&hellip;]<\/p>\n                                <a title=\"O Consulado Geral da It\u00e1lia em Belo Horizonte apoia a 12\u00aa edi\u00e7\u00e3o do Festival Matias de Oliveira Pinto &#8211; Ouro Branco 2026\" class=\"read-more\" href=\"https:\/\/consbelohorizonte.esteri.it\/pt\/news\/dal_consolato\/2026\/03\/o-consulado-geral-da-italia-em-belo-horizonte-apoia-a-12a-edicao-do-festival-matias-de-oliveira-pinto-ouro-branco-2026\/\">\n                                    <span class=\"text\">Leia mais<\/span>\n                                    <svg class=\"icon\">\n                                    <use xlink:href=\"https:\/\/consbelohorizonte.esteri.it\/wp-content\/themes\/sedi-tema\/assets\/svg\/sprites.svg#it-arrow-right\"><\/use>\n                                    <\/svg>\n                                <\/a>\n                                                    <\/div>\n                    <\/div>\n                <\/div>\n                <!--end card-->\n                <\/div><!-- col-12 .mt-3-->\n                            <div class=\"col-12 mt-3\">\n                <!--start card-->\n                <div class=\"card-wrapper card-space\">\n                    <div class=\"card card-bg card-big border-bottom-card\">\n                        <div class=\"card-body \">\n                                                        <div class=\"category-top\">\n                                                                                                            <span class=\"\">\n                                        <svg class=\"icon icon-secondary\">\n                                            <use xlink:href=\"https:\/\/consbelohorizonte.esteri.it\/wp-content\/themes\/sedi-tema\/assets\/svg\/sprites.svg#it-calendar\"><\/use>\n                                        <\/svg> 9 March 2026                                    <\/span>\n                                                                    <\/div>\n                            <h5 class=\"card-title big-heading text-uppercase\"><a class=\"text-body text-decoration-none\" href=\"https:\/\/consbelohorizonte.esteri.it\/pt\/news\/dal_consolato\/2026\/03\/referendo-constitucional-2026-emissao-da-segunda-via-do-material-eleitoral\/\" title=\"Referendo Constitucional 2026: emiss\u00e3o da segunda via do material eleitoral\">Referendo Constitucional 2026: emiss\u00e3o da segunda via do material eleitoral<\/a><\/h5>\n                            <p class=\"card-text\">Informa-se que, A PARTIR DE DOMINGO, 8 DE MAR\u00c7O DE 2026, os eleitores que n\u00e3o tenham recebido no pr\u00f3prio endere\u00e7o de resid\u00eancia o envelope eleitoral para vota\u00e7\u00e3o por correspond\u00eancia por ocasi\u00e3o do referendo constitucional dos dias 22 e 23 de mar\u00e7o, poder\u00e3o solicitar uma segunda via junto a este Consulado Geral. O pedido de duplicado [&hellip;]<\/p>\n                                <a title=\"Referendo Constitucional 2026: emiss\u00e3o da segunda via do material eleitoral\" class=\"read-more\" href=\"https:\/\/consbelohorizonte.esteri.it\/pt\/news\/dal_consolato\/2026\/03\/referendo-constitucional-2026-emissao-da-segunda-via-do-material-eleitoral\/\">\n                                    <span class=\"text\">Leia mais<\/span>\n                                    <svg class=\"icon\">\n                                    <use xlink:href=\"https:\/\/consbelohorizonte.esteri.it\/wp-content\/themes\/sedi-tema\/assets\/svg\/sprites.svg#it-arrow-right\"><\/use>\n                                    <\/svg>\n                                <\/a>\n                                                    <\/div>\n                    <\/div>\n                <\/div>\n                <!--end card-->\n                <\/div><!-- col-12 .mt-3-->\n                            <div class=\"col-12 mt-3\">\n                <!--start card-->\n                <div class=\"card-wrapper card-space\">\n                    <div class=\"card card-bg card-big border-bottom-card\">\n                        <div class=\"card-body \">\n                                                        <div class=\"category-top\">\n                                                                                                            <span class=\"\">\n                                        <svg class=\"icon icon-secondary\">\n                                            <use xlink:href=\"https:\/\/consbelohorizonte.esteri.it\/wp-content\/themes\/sedi-tema\/assets\/svg\/sprites.svg#it-calendar\"><\/use>\n                                        <\/svg> 4 March 2026                                    <\/span>\n                                                                    <\/div>\n                            <h5 class=\"card-title big-heading text-uppercase\"><a class=\"text-body text-decoration-none\" href=\"https:\/\/consbelohorizonte.esteri.it\/pt\/news\/dal_consolato\/2026\/03\/prorrogacao-do-prazo-para-a-declaracao-de-aquisicao-da-cidadania-italiana-por-beneficio-de-lei\/\" title=\"MENORES DE IDADE: PRORROGA\u00c7\u00c3O DO PRAZO PARA A DECLARA\u00c7\u00c3O DE AQUISI\u00c7\u00c3O DA CIDADANIA ITALIANA POR BENEF\u00cdCIO DE LEI\">MENORES DE IDADE: PRORROGA\u00c7\u00c3O DO PRAZO PARA A DECLARA\u00c7\u00c3O DE AQUISI\u00c7\u00c3O DA CIDADANIA ITALIANA POR BENEF\u00cdCIO DE LEI<\/a><\/h5>\n                            <p class=\"card-text\">Com a publica\u00e7\u00e3o da Lei n\u00ba 26 de 28 de fevereiro de 2026 que converteu o Decreto-Lei n\u00ba 200 de 31 de dezembro de 2025 (denominado \u201cDecreto Milleproroghe\u201d), foi oficialmente prorrogado o prazo para apresentar as declara\u00e7\u00f5es de aquisi\u00e7\u00e3o da cidadania por benef\u00edcio de lei. O novo prazo est\u00e1 fixado em 31 de maio de [&hellip;]<\/p>\n                                <a title=\"MENORES DE IDADE: PRORROGA\u00c7\u00c3O DO PRAZO PARA A DECLARA\u00c7\u00c3O DE AQUISI\u00c7\u00c3O DA CIDADANIA ITALIANA POR BENEF\u00cdCIO DE LEI\" class=\"read-more\" href=\"https:\/\/consbelohorizonte.esteri.it\/pt\/news\/dal_consolato\/2026\/03\/prorrogacao-do-prazo-para-a-declaracao-de-aquisicao-da-cidadania-italiana-por-beneficio-de-lei\/\">\n                                    <span class=\"text\">Leia mais<\/span>\n                                    <svg class=\"icon\">\n                                    <use xlink:href=\"https:\/\/consbelohorizonte.esteri.it\/wp-content\/themes\/sedi-tema\/assets\/svg\/sprites.svg#it-arrow-right\"><\/use>\n                                    <\/svg>\n                                <\/a>\n                                                    <\/div>\n                    <\/div>\n                <\/div>\n                <!--end card-->\n                <\/div><!-- col-12 .mt-3-->\n                            <div class=\"col-12 mt-3\">\n                <!--start card-->\n                <div class=\"card-wrapper card-space\">\n                    <div class=\"card card-bg card-big border-bottom-card\">\n                        <div class=\"card-body \">\n                                                        <div class=\"category-top\">\n                                                                                                            <span class=\"\">\n                                        <svg class=\"icon icon-secondary\">\n                                            <use xlink:href=\"https:\/\/consbelohorizonte.esteri.it\/wp-content\/themes\/sedi-tema\/assets\/svg\/sprites.svg#it-calendar\"><\/use>\n                                        <\/svg> 23 February 2026                                    <\/span>\n                                                                    <\/div>\n                            <h5 class=\"card-title big-heading text-uppercase\"><a class=\"text-body text-decoration-none\" href=\"https:\/\/consbelohorizonte.esteri.it\/pt\/news\/dal_consolato\/2026\/02\/migracao-prenotmi-funcionamento-do-portal\/\" title=\"Migra\u00e7\u00e3o Prenot@mi &#8211; Funcionamento do portal\">Migra\u00e7\u00e3o Prenot@mi &#8211; Funcionamento do portal<\/a><\/h5>\n                            <p class=\"card-text\">Informamos que, nos dias 23, 24 e 25 de fevereiro, o Minist\u00e9rio das Rela\u00e7\u00f5es Exteriores e da Coopera\u00e7\u00e3o Internacional realizar\u00e1 uma migra\u00e7\u00e3o do sistema inform\u00e1tico do portal Prenot@mi para um novo e mais performante servidor em nuvem. Trata-se de uma iniciativa que impacta todas as Embaixadas e Consulados no mundo, com o objetivo de melhorar [&hellip;]<\/p>\n                                <a title=\"Migra\u00e7\u00e3o Prenot@mi &#8211; Funcionamento do portal\" class=\"read-more\" href=\"https:\/\/consbelohorizonte.esteri.it\/pt\/news\/dal_consolato\/2026\/02\/migracao-prenotmi-funcionamento-do-portal\/\">\n                                    <span class=\"text\">Leia mais<\/span>\n                                    <svg class=\"icon\">\n                                    <use xlink:href=\"https:\/\/consbelohorizonte.esteri.it\/wp-content\/themes\/sedi-tema\/assets\/svg\/sprites.svg#it-arrow-right\"><\/use>\n                                    <\/svg>\n                                <\/a>\n                                                    <\/div>\n                    <\/div>\n                <\/div>\n                <!--end card-->\n                <\/div><!-- col-12 .mt-3-->\n                            <div class=\"col-12 mt-3\">\n                <!--start card-->\n                <div class=\"card-wrapper card-space\">\n                    <div class=\"card card-bg card-big border-bottom-card\">\n                        <div class=\"card-body \">\n                                                        <div class=\"category-top\">\n                                                                                                            <span class=\"\">\n                                        <svg class=\"icon icon-secondary\">\n                                            <use xlink:href=\"https:\/\/consbelohorizonte.esteri.it\/wp-content\/themes\/sedi-tema\/assets\/svg\/sprites.svg#it-calendar\"><\/use>\n                                        <\/svg> 4 February 2026                                    <\/span>\n                                                                    <\/div>\n                            <h5 class=\"card-title big-heading text-uppercase\"><a class=\"text-body text-decoration-none\" href=\"https:\/\/consbelohorizonte.esteri.it\/pt\/news\/dal_consolato\/2026\/02\/consulado-geral-da-italia-apoia-a-corrida-italiana-do-cruzeiro\/\" title=\"O Consulado Geral da It\u00e1lia em Belo Horizonte apoia a Corrida Italiana do Cruzeiro\">O Consulado Geral da It\u00e1lia em Belo Horizonte apoia a Corrida Italiana do Cruzeiro<\/a><\/h5>\n                            <p class=\"card-text\">O Consulado Geral da It\u00e1lia em Belo Horizonte apoia oficialmente a Corrida Italiana do Cruzeiro, que ser\u00e1 realizada no dia 22 de fevereiro de 2026, nas imedia\u00e7\u00f5es do Clube do Cruzeiro, no bairro Barro Preto. O apoio integra as a\u00e7\u00f5es da diplomacia esportiva promovidas pela rede consular italiana com o objetivo de fortalecer as rela\u00e7\u00f5es [&hellip;]<\/p>\n                                <a title=\"O Consulado Geral da It\u00e1lia em Belo Horizonte apoia a Corrida Italiana do Cruzeiro\" class=\"read-more\" href=\"https:\/\/consbelohorizonte.esteri.it\/pt\/news\/dal_consolato\/2026\/02\/consulado-geral-da-italia-apoia-a-corrida-italiana-do-cruzeiro\/\">\n                                    <span class=\"text\">Leia mais<\/span>\n                                    <svg class=\"icon\">\n                                    <use xlink:href=\"https:\/\/consbelohorizonte.esteri.it\/wp-content\/themes\/sedi-tema\/assets\/svg\/sprites.svg#it-arrow-right\"><\/use>\n                                    <\/svg>\n                                <\/a>\n                                                    <\/div>\n                    <\/div>\n                <\/div>\n                <!--end card-->\n                <\/div><!-- col-12 .mt-3-->\n                            <div class=\"col-12 mt-3\">\n                <!--start card-->\n                <div class=\"card-wrapper card-space\">\n                    <div class=\"card card-bg card-big border-bottom-card\">\n                        <div class=\"card-body \">\n                                                        <div class=\"category-top\">\n                                                                                                            <span class=\"\">\n                                        <svg class=\"icon icon-secondary\">\n                                            <use xlink:href=\"https:\/\/consbelohorizonte.esteri.it\/wp-content\/themes\/sedi-tema\/assets\/svg\/sprites.svg#it-calendar\"><\/use>\n                                        <\/svg> 27 January 2026                                    <\/span>\n                                                                    <\/div>\n                            <h5 class=\"card-title big-heading text-uppercase\"><a class=\"text-body text-decoration-none\" href=\"https:\/\/consbelohorizonte.esteri.it\/pt\/news\/dal_consolato\/2026\/01\/dia-internacional-em-memoria-das-vitimas-do-holocausto-o-ministro-das-relacoes-exteriores-antonio-tajani-presta-homenagem-por-meio-de-uma-mensagem-em-video\/\" title=\"Dia Internacional em Mem\u00f3ria das V\u00edtimas do Holocausto \u2013 O Ministro das Rela\u00e7\u00f5es Exteriores, Antonio Tajani, presta homenagem por meio de uma mensagem em v\u00eddeo\">Dia Internacional em Mem\u00f3ria das V\u00edtimas do Holocausto \u2013 O Ministro das Rela\u00e7\u00f5es Exteriores, Antonio Tajani, presta homenagem por meio de uma mensagem em v\u00eddeo<\/a><\/h5>\n                            <p class=\"card-text\">O Ministro das Rela\u00e7\u00f5es Exteriores, Antonio Tajani, presta homenagem por meio de uma mensagem em v\u00eddeo: Hoje, no Dia da Mem\u00f3ria, prestamos homenagem \u00e0s v\u00edtimas da Shoah e honramos os sobreviventes, para garantir que o horror do Holocausto nunca mais se repita. A Mem\u00f3ria n\u00e3o \u00e9 um ritual formal. \u00c9 uma responsabilidade coletiva em rela\u00e7\u00e3o [&hellip;]<\/p>\n                                <a title=\"Dia Internacional em Mem\u00f3ria das V\u00edtimas do Holocausto \u2013 O Ministro das Rela\u00e7\u00f5es Exteriores, Antonio Tajani, presta homenagem por meio de uma mensagem em v\u00eddeo\" class=\"read-more\" href=\"https:\/\/consbelohorizonte.esteri.it\/pt\/news\/dal_consolato\/2026\/01\/dia-internacional-em-memoria-das-vitimas-do-holocausto-o-ministro-das-relacoes-exteriores-antonio-tajani-presta-homenagem-por-meio-de-uma-mensagem-em-video\/\">\n                                    <span class=\"text\">Leia mais<\/span>\n                                    <svg class=\"icon\">\n                                    <use xlink:href=\"https:\/\/consbelohorizonte.esteri.it\/wp-content\/themes\/sedi-tema\/assets\/svg\/sprites.svg#it-arrow-right\"><\/use>\n                                    <\/svg>\n                                <\/a>\n                                                    <\/div>\n                    <\/div>\n                <\/div>\n                <!--end card-->\n                <\/div><!-- col-12 .mt-3-->\n                            <div class=\"col-12 mt-3\">\n                <!--start card-->\n                <div class=\"card-wrapper card-space\">\n                    <div class=\"card card-bg card-big border-bottom-card\">\n                        <div class=\"card-body \">\n                                                        <div class=\"category-top\">\n                                                                                                            <span class=\"\">\n                                        <svg class=\"icon icon-secondary\">\n                                            <use xlink:href=\"https:\/\/consbelohorizonte.esteri.it\/wp-content\/themes\/sedi-tema\/assets\/svg\/sprites.svg#it-calendar\"><\/use>\n                                        <\/svg> 26 January 2026                                    <\/span>\n                                                                    <\/div>\n                            <h5 class=\"card-title big-heading text-uppercase\"><a class=\"text-body text-decoration-none\" href=\"https:\/\/consbelohorizonte.esteri.it\/pt\/news\/dal_consolato\/2026\/01\/referendo-2026-opcao-dos-eleitores-temporariamente-no-exterior\/\" title=\"REFERENDO 2026: OP\u00c7\u00c3O DOS ELEITORES TEMPORARIAMENTE NO EXTERIOR\">REFERENDO 2026: OP\u00c7\u00c3O DOS ELEITORES TEMPORARIAMENTE NO EXTERIOR<\/a><\/h5>\n                            <p class=\"card-text\">Com decreto do Presidente da Rep\u00fablica de 13\/01\/2026, publicado no Di\u00e1rio Oficial da Uni\u00e3o em 14\/01\/2026, a data do referendo previsto no art. 138 da Constitui\u00e7\u00e3o, relativo \u00e0 modifica\u00e7\u00e3o de alguns artigos da Constitui\u00e7\u00e3o (denominada \u201cReforma da Justi\u00e7a\u201d) foi fixada para os dias 22 e 23 de MAR\u00c7O de 2026. Os eleitores residentes na It\u00e1lia [&hellip;]<\/p>\n                                <a title=\"REFERENDO 2026: OP\u00c7\u00c3O DOS ELEITORES TEMPORARIAMENTE NO EXTERIOR\" class=\"read-more\" href=\"https:\/\/consbelohorizonte.esteri.it\/pt\/news\/dal_consolato\/2026\/01\/referendo-2026-opcao-dos-eleitores-temporariamente-no-exterior\/\">\n                                    <span class=\"text\">Leia mais<\/span>\n                                    <svg class=\"icon\">\n                                    <use xlink:href=\"https:\/\/consbelohorizonte.esteri.it\/wp-content\/themes\/sedi-tema\/assets\/svg\/sprites.svg#it-arrow-right\"><\/use>\n                                    <\/svg>\n                                <\/a>\n                                                    <\/div>\n                    <\/div>\n                <\/div>\n                <!--end card-->\n                <\/div><!-- col-12 .mt-3-->\n                            <div class=\"col-12 mt-3\">\n                <!--start card-->\n                <div class=\"card-wrapper card-space\">\n                    <div class=\"card card-bg card-big border-bottom-card\">\n                        <div class=\"card-body \">\n                                                        <div class=\"category-top\">\n                                                                                                            <span class=\"\">\n                                        <svg class=\"icon icon-secondary\">\n                                            <use xlink:href=\"https:\/\/consbelohorizonte.esteri.it\/wp-content\/themes\/sedi-tema\/assets\/svg\/sprites.svg#it-calendar\"><\/use>\n                                        <\/svg> 21 January 2026                                    <\/span>\n                                                                    <\/div>\n                            <h5 class=\"card-title big-heading text-uppercase\"><a class=\"text-body text-decoration-none\" href=\"https:\/\/consbelohorizonte.esteri.it\/pt\/news\/dal_consolato\/2026\/01\/avviso-pubblico-per-lofferta-di-sponsorizzazioni-per-gli-eventi-di-promozione-dellimmagine-dellitalia-anno-2026\/\" title=\"AVVISO PUBBLICO PER L\u2019OFFERTA DI SPONSORIZZAZIONI PER GLI EVENTI DI PROMOZIONE DELL\u2019IMMAGINE DELL\u2019ITALIA \u2013 ANNO 2026\">AVVISO PUBBLICO PER L\u2019OFFERTA DI SPONSORIZZAZIONI PER GLI EVENTI DI PROMOZIONE DELL\u2019IMMAGINE DELL\u2019ITALIA \u2013 ANNO 2026<\/a><\/h5>\n                            <p class=\"card-text\">Il Consolato Generale d\u2019Italia in Belo Horizonte rende noto con il presente avviso pubblico che intende procedere alla ricerca di sponsorizzazioni per le iniziative di promozione culturale, scientifica, economico commerciale e di networking che realizzer\u00e0 in questa circoscrizione nel corso del 2026. Tra queste si segnalano la Festa della Repubblica (2 giugno), la Giornata del [&hellip;]<\/p>\n                                <a title=\"AVVISO PUBBLICO PER L\u2019OFFERTA DI SPONSORIZZAZIONI PER GLI EVENTI DI PROMOZIONE DELL\u2019IMMAGINE DELL\u2019ITALIA \u2013 ANNO 2026\" class=\"read-more\" href=\"https:\/\/consbelohorizonte.esteri.it\/pt\/news\/dal_consolato\/2026\/01\/avviso-pubblico-per-lofferta-di-sponsorizzazioni-per-gli-eventi-di-promozione-dellimmagine-dellitalia-anno-2026\/\">\n                                    <span class=\"text\">Leia mais<\/span>\n                                    <svg class=\"icon\">\n                                    <use xlink:href=\"https:\/\/consbelohorizonte.esteri.it\/wp-content\/themes\/sedi-tema\/assets\/svg\/sprites.svg#it-arrow-right\"><\/use>\n                                    <\/svg>\n                                <\/a>\n                                                    <\/div>\n                    <\/div>\n                <\/div>\n                <!--end card-->\n                <\/div><!-- col-12 .mt-3-->\n                            <div class=\"col-12 mt-3\">\n                <!--start card-->\n                <div class=\"card-wrapper card-space\">\n                    <div class=\"card card-bg card-big border-bottom-card\">\n                        <div class=\"card-body \">\n                                                        <div class=\"category-top\">\n                                                                                                            <span class=\"\">\n                                        <svg class=\"icon icon-secondary\">\n                                            <use xlink:href=\"https:\/\/consbelohorizonte.esteri.it\/wp-content\/themes\/sedi-tema\/assets\/svg\/sprites.svg#it-calendar\"><\/use>\n                                        <\/svg> 19 January 2026                                    <\/span>\n                                                                    <\/div>\n                            <h5 class=\"card-title big-heading text-uppercase\"><a class=\"text-body text-decoration-none\" href=\"https:\/\/consbelohorizonte.esteri.it\/pt\/news\/dal_consolato\/2026\/01\/avviso-di-assunzione-di-n-1-impiegato-a-contratto\/\" title=\"AVVISO DI ASSUNZIONE DI N\u00b0 1 IMPIEGATO A CONTRATTO\">AVVISO DI ASSUNZIONE DI N\u00b0 1 IMPIEGATO A CONTRATTO<\/a><\/h5>\n                            <p class=\"card-text\">\u00c8 indetta una procedura di selezione per l\u2019assunzione di n. 1 impiegato a contratto da adibire ai servizi di Assistente Amministrativo. Le domande di ammissione dovranno essere presentate entro e non oltre le ore 12:00 (ora di Brasilia) del giorno 03 febbraio 2026. CLICCA QUI per scaricare il BANDO. CLICCA QUI per scaricare la DOMANDA. [&hellip;]<\/p>\n                                <a title=\"AVVISO DI ASSUNZIONE DI N\u00b0 1 IMPIEGATO A CONTRATTO\" class=\"read-more\" href=\"https:\/\/consbelohorizonte.esteri.it\/pt\/news\/dal_consolato\/2026\/01\/avviso-di-assunzione-di-n-1-impiegato-a-contratto\/\">\n                                    <span class=\"text\">Leia mais<\/span>\n                                    <svg class=\"icon\">\n                                    <use xlink:href=\"https:\/\/consbelohorizonte.esteri.it\/wp-content\/themes\/sedi-tema\/assets\/svg\/sprites.svg#it-arrow-right\"><\/use>\n                                    <\/svg>\n                                <\/a>\n                                                    <\/div>\n                    <\/div>\n                <\/div>\n                <!--end card-->\n                <\/div><!-- col-12 .mt-3-->\n            \n            <div class=\"col-md-12 mt-4 pb-4\">\n                <nav class=\"navigation col-md-12\" aria-label=\"Navigation\">\n                    <h2 class=\"screen-reader-text visually-hidden\">Pagina\u00e7\u00e3o<\/h2>\n                    <div class=\"nav-links\">\n                    <span aria-current=\"page\" class=\"page-numbers current\">1<\/span>\n<a class=\"page-numbers\" href=\"https:\/\/consbelohorizonte.esteri.it\/pt\/wp-json\/wp\/v2\/pages\/51\/?pag=2\">2<\/a>\n<a class=\"page-numbers\" href=\"https:\/\/consbelohorizonte.esteri.it\/pt\/wp-json\/wp\/v2\/pages\/51\/?pag=3\">3<\/a>\n<span class=\"page-numbers dots\">&hellip;<\/span>\n<a class=\"page-numbers\" href=\"https:\/\/consbelohorizonte.esteri.it\/pt\/wp-json\/wp\/v2\/pages\/51\/?pag=45\">45<\/a>\n<a class=\"next page-numbers\" href=\"https:\/\/consbelohorizonte.esteri.it\/pt\/wp-json\/wp\/v2\/pages\/51\/?pag=2\"><svg class=\"icon icon-primary\"><use xlink:href=\"https:\/\/consbelohorizonte.esteri.it\/wp-content\/themes\/sedi-tema\/assets\/svg\/sprites.svg#it-chevron-right\"><\/use><\/svg>\n                                    <span class=\"visually-hidden\">Pr\u00f3xima p\u00e1gina<\/span><\/a>                    <\/div>\n                <\/nav>\n            <\/div>   <!--.col-md-12 -->\n              <\/div><!--.row -->\n              \n","protected":false},"excerpt":{"rendered":"","protected":false},"author":3,"featured_media":0,"parent":31,"menu_order":0,"comment_status":"closed","ping_status":"closed","template":"","meta":{"footnotes":""},"class_list":["post-51","page","type-page","status-publish","hentry"],"_links":{"self":[{"href":"https:\/\/consbelohorizonte.esteri.it\/pt\/wp-json\/wp\/v2\/pages\/51","targetHints":{"allow":["GET"]}}],"collection":[{"href":"https:\/\/consbelohorizonte.esteri.it\/pt\/wp-json\/wp\/v2\/pages"}],"about":[{"href":"https:\/\/consbelohorizonte.esteri.it\/pt\/wp-json\/wp\/v2\/types\/page"}],"author":[{"embeddable":true,"href":"https:\/\/consbelohorizonte.esteri.it\/pt\/wp-json\/wp\/v2\/users\/3"}],"replies":[{"embeddable":true,"href":"https:\/\/consbelohorizonte.esteri.it\/pt\/wp-json\/wp\/v2\/comments?post=51"}],"version-history":[{"count":0,"href":"https:\/\/consbelohorizonte.esteri.it\/pt\/wp-json\/wp\/v2\/pages\/51\/revisions"}],"up":[{"embeddable":true,"href":"https:\/\/consbelohorizonte.esteri.it\/pt\/wp-json\/wp\/v2\/pages\/31"}],"wp:attachment":[{"href":"https:\/\/consbelohorizonte.esteri.it\/pt\/wp-json\/wp\/v2\/media?parent=51"}],"curies":[{"name":"wp","href":"https:\/\/api.w.org\/{rel}","templated":true}]}}