{"id":31,"date":"2022-12-09T17:07:42","date_gmt":"2022-12-09T16:07:42","guid":{"rendered":"https:\/\/consbelohorizonte.esteri.it\/news\/"},"modified":"2022-12-09T18:53:50","modified_gmt":"2022-12-09T17:53:50","slug":"news","status":"publish","type":"page","link":"https:\/\/consbelohorizonte.esteri.it\/pt\/news\/","title":{"rendered":"Not\u00edcia"},"content":{"rendered":"        <div class=\"row\">\n\t\t\t<!-- Ricerca sedi post -->\n\t\t\t<div class=\"col-12 mt-4\">\n\t\t\t  <div class=\"callout callout-highlight note ricerca-esteri p-4\">\n                    <div class=\"callout-title\">\n                        <svg class=\"icon\">\n                            <use xlink:href=\"https:\/\/consbelohorizonte.esteri.it\/wp-content\/themes\/sedi-tema\/assets\/svg\/sprites.svg#it-search\"><\/use>\n                        <\/svg>Insira seus par\u00e2metros de pesquisa                    <\/div>\n                    <form id=\"searchFormPost\" name=\"form-search-post\" class=\"form-row align-items-center\" action=\"https:\/\/consbelohorizonte.esteri.it\/pt\/wp-json\/wp\/v2\/pages\/31\/\" method=\"GET\"> \n                        <!-- <div class=\"form-group pt-5\"> -->\n                            <!-- <input type=\"hidden\" id=\"lang\" name=\"lang\" value=\"\"> --> <!-- <\/div> -->\n\n                        <div class=\"it-datepicker-wrapper\">\n                            <div class=\"row\">\n                                <div class=\"form-group col-md-6\">\n                                    <label class=\"active\" for=\"date-init\">De<\/label>\n                                    <input class=\"form-control\" name=\"date-init\" id=\"date-init\" type=\"date\" placeholder=\"gg\/mm\/aaaa\" value=\"\"lang=\"en-EN\">  \n                                <\/div>\n                                <div class=\"form-group col-md-6\">\n                                    <label class=\"active\" for=\"date-end\">Para o<\/label>\n                                    <input class=\"form-control\" name=\"date-end\" id=\"date-end\" type=\"date\" placeholder=\"gg\/mm\/aaaa\" value=\"\">\n                                <\/div>\n                            <\/div>\n                        <\/div>\n                        <div class=\"form-group col-md-12 mt-3\">\n                            <label for=\"searchText\">Campo de pesquisa gratuito<\/label>\n                            <input type=\"text\" name=\"searchText\" class=\"form-control\" id=\"searchText\" value=\"\">\n                        <\/div>\n                        <div class=\"form-group col-md-4 offset-md-8 text-end\">\n                            <a href=\"https:\/\/consbelohorizonte.esteri.it\/pt\/news\/\" title=\"Form reset\" id=\"resetImput\" class=\"btn btn-outline-primary btn-xs\">Reset<\/a>\n                            <button type=\"submit\" class=\"btn btn-primary btn-xs\">Mostrar resultados<\/button>\n                        <\/div>\n                    <\/form>\n\t\t\t\t<\/div>\n\t\t\t<\/div>\n\t\t<\/div>\n                    \n            <div class=\"row\">\n                            <div class=\"col-12 mt-3\">\n                <!--start card-->\n                <div class=\"card-wrapper card-space\">\n                    <div class=\"card card-bg card-big border-bottom-card\">\n                        <div class=\"card-body \">\n                                                        <div class=\"category-top\">\n                                                                                                            <span class=\"\">\n                                        <svg class=\"icon icon-secondary\">\n                                            <use xlink:href=\"https:\/\/consbelohorizonte.esteri.it\/wp-content\/themes\/sedi-tema\/assets\/svg\/sprites.svg#it-calendar\"><\/use>\n                                        <\/svg> 20 August 2026                                    <\/span>\n                                                                    <\/div>\n                            <h5 class=\"card-title big-heading text-uppercase\"><a class=\"text-body text-decoration-none\" href=\"https:\/\/consbelohorizonte.esteri.it\/pt\/news\/dal_consolato\/2026\/08\/elezioni-com-it-es-2026-modalidades-para-solicitar-a-inscricao-na-lista-eleitoral\/\" title=\"ELEZIONI COM.IT.ES. 2026 \u2013 Modalidades para solicitar a inscri\u00e7\u00e3o na lista eleitoral\">ELEZIONI COM.IT.ES. 2026 \u2013 Modalidades para solicitar a inscri\u00e7\u00e3o na lista eleitoral<\/a><\/h5>\n                            <p class=\"card-text\">As elei\u00e7\u00f5es para a renova\u00e7\u00e3o e a constitui\u00e7\u00e3o dos COMITES ser\u00e3o realizadas at\u00e9 o final de 2026. Os Comit\u00eas dos Italianos no Exterior s\u00e3o \u00f3rg\u00e3os de representa\u00e7\u00e3o da coletividade italiana nas rela\u00e7\u00f5es com as representa\u00e7\u00f5es diplom\u00e1ticas e consulares e atuam em favor da integra\u00e7\u00e3o da comunidade italiana residente no pa\u00eds estrangeiro em que se encontram. [&hellip;]<\/p>\n                                <a title=\"ELEZIONI COM.IT.ES. 2026 \u2013 Modalidades para solicitar a inscri\u00e7\u00e3o na lista eleitoral\" class=\"read-more\" href=\"https:\/\/consbelohorizonte.esteri.it\/pt\/news\/dal_consolato\/2026\/08\/elezioni-com-it-es-2026-modalidades-para-solicitar-a-inscricao-na-lista-eleitoral\/\">\n                                    <span class=\"text\">Leia mais<\/span>\n                                    <svg class=\"icon\">\n                                    <use xlink:href=\"https:\/\/consbelohorizonte.esteri.it\/wp-content\/themes\/sedi-tema\/assets\/svg\/sprites.svg#it-arrow-right\"><\/use>\n                                    <\/svg>\n                                <\/a>\n                                                    <\/div>\n                    <\/div>\n                <\/div>\n                <!--end card-->\n                <\/div><!-- col-12 .mt-3-->\n                            <div class=\"col-12 mt-3\">\n                <!--start card-->\n                <div class=\"card-wrapper card-space\">\n                    <div class=\"card card-bg card-big border-bottom-card\">\n                        <div class=\"card-body \">\n                                                        <div class=\"category-top\">\n                                                                                                            <span class=\"\">\n                                        <svg class=\"icon icon-secondary\">\n                                            <use xlink:href=\"https:\/\/consbelohorizonte.esteri.it\/wp-content\/themes\/sedi-tema\/assets\/svg\/sprites.svg#it-calendar\"><\/use>\n                                        <\/svg> 19 August 2026                                    <\/span>\n                                                                    <\/div>\n                            <h5 class=\"card-title big-heading text-uppercase\"><a class=\"text-body text-decoration-none\" href=\"https:\/\/consbelohorizonte.esteri.it\/pt\/news\/dal_consolato\/2026\/08\/elezioni-com-it-es-2026-predisposizione-e-presentazione-liste-elettorali\/\" title=\"ELEZIONI COM.IT.ES. 2026 \u2013 Predisposizione e presentazione liste elettorali\">ELEZIONI COM.IT.ES. 2026 \u2013 Predisposizione e presentazione liste elettorali<\/a><\/h5>\n                            <p class=\"card-text\">Nel 2026 avranno luogo le\u00a0elezioni\u00a0per il rinnovo dei Comitati degli Italiani all\u2019Estero (Com.It.Es.). Ai sensi dell\u2019art. 14 del DPR 395\/2003, le liste possono essere\u00a0presentate all\u2019Ufficio elettorale\u00a0nelle ore d\u2019ufficio\u00a0dal ventesimo al trentesimo giorno successivo all\u2019indizione. L\u2019indizione non \u00e8 ancora stata effettuata ma la raccolta delle firme, la sottoscrizione delle liste e le relative autentiche possono avvenire [&hellip;]<\/p>\n                                <a title=\"ELEZIONI COM.IT.ES. 2026 \u2013 Predisposizione e presentazione liste elettorali\" class=\"read-more\" href=\"https:\/\/consbelohorizonte.esteri.it\/pt\/news\/dal_consolato\/2026\/08\/elezioni-com-it-es-2026-predisposizione-e-presentazione-liste-elettorali\/\">\n                                    <span class=\"text\">Leia mais<\/span>\n                                    <svg class=\"icon\">\n                                    <use xlink:href=\"https:\/\/consbelohorizonte.esteri.it\/wp-content\/themes\/sedi-tema\/assets\/svg\/sprites.svg#it-arrow-right\"><\/use>\n                                    <\/svg>\n                                <\/a>\n                                                    <\/div>\n                    <\/div>\n                <\/div>\n                <!--end card-->\n                <\/div><!-- col-12 .mt-3-->\n                            <div class=\"col-12 mt-3\">\n                <!--start card-->\n                <div class=\"card-wrapper card-space\">\n                    <div class=\"card card-bg card-big border-bottom-card\">\n                        <div class=\"card-body \">\n                                                        <div class=\"category-top\">\n                                                                                                            <span class=\"\">\n                                        <svg class=\"icon icon-secondary\">\n                                            <use xlink:href=\"https:\/\/consbelohorizonte.esteri.it\/wp-content\/themes\/sedi-tema\/assets\/svg\/sprites.svg#it-calendar\"><\/use>\n                                        <\/svg> 31 July 2026                                    <\/span>\n                                                                    <\/div>\n                            <h5 class=\"card-title big-heading text-uppercase\"><a class=\"text-body text-decoration-none\" href=\"https:\/\/consbelohorizonte.esteri.it\/pt\/news\/dal_consolato\/2026\/07\/a-saudacao-de-pietro-tombaccini-novo-consul-geral\/\" title=\"A sauda\u00e7\u00e3o de Pietro Tombaccini, novo C\u00f4nsul Geral\">A sauda\u00e7\u00e3o de Pietro Tombaccini, novo C\u00f4nsul Geral<\/a><\/h5>\n                            <p class=\"card-text\">Queridos e queridas compatriotas, Gostaria de dirigir a todas e a todos voc\u00eas minhas mais cordiais sauda\u00e7\u00f5es por ocasi\u00e3o do in\u00edcio de meu mandato como C\u00f4nsul-Geral da It\u00e1lia em Belo Horizonte. Tenho plena consci\u00eancia do valioso v\u00ednculo que une nosso pa\u00eds, e em particular minha terra natal, a Romagna, \u00e0s comunidades italianas e \u00edtalo-descendentes de [&hellip;]<\/p>\n                                <a title=\"A sauda\u00e7\u00e3o de Pietro Tombaccini, novo C\u00f4nsul Geral\" class=\"read-more\" href=\"https:\/\/consbelohorizonte.esteri.it\/pt\/news\/dal_consolato\/2026\/07\/a-saudacao-de-pietro-tombaccini-novo-consul-geral\/\">\n                                    <span class=\"text\">Leia mais<\/span>\n                                    <svg class=\"icon\">\n                                    <use xlink:href=\"https:\/\/consbelohorizonte.esteri.it\/wp-content\/themes\/sedi-tema\/assets\/svg\/sprites.svg#it-arrow-right\"><\/use>\n                                    <\/svg>\n                                <\/a>\n                                                    <\/div>\n                    <\/div>\n                <\/div>\n                <!--end card-->\n                <\/div><!-- col-12 .mt-3-->\n                            <div class=\"col-12 mt-3\">\n                <!--start card-->\n                <div class=\"card-wrapper card-space\">\n                    <div class=\"card card-bg card-big border-bottom-card\">\n                        <div class=\"card-body \">\n                                                        <div class=\"category-top\">\n                                                                                                            <span class=\"\">\n                                        <svg class=\"icon icon-secondary\">\n                                            <use xlink:href=\"https:\/\/consbelohorizonte.esteri.it\/wp-content\/themes\/sedi-tema\/assets\/svg\/sprites.svg#it-calendar\"><\/use>\n                                        <\/svg> 22 July 2026                                    <\/span>\n                                                                    <\/div>\n                            <h5 class=\"card-title big-heading text-uppercase\"><a class=\"text-body text-decoration-none\" href=\"https:\/\/consbelohorizonte.esteri.it\/pt\/news\/dal_consolato\/2026\/07\/eleicoes-comites-2026\/\" title=\"Elei\u00e7\u00f5es COMITES 2026\">Elei\u00e7\u00f5es COMITES 2026<\/a><\/h5>\n                            <p class=\"card-text\">Em 2026 ser\u00e3o realizadas as elei\u00e7\u00f5es para a renova\u00e7\u00e3o dos Comit\u00eas dos Italianos no Exterior (Com.It.Es.). Os Com.It.Es. s\u00e3o \u00f3rg\u00e3os que representam os cidad\u00e3os italianos residentes no exterior nas rela\u00e7\u00f5es com as Embaixadas e os Consulados, al\u00e9m de promoverem sua integra\u00e7\u00e3o. Tamb\u00e9m t\u00eam a miss\u00e3o de preservar a mem\u00f3ria hist\u00f3rica da emigra\u00e7\u00e3o italiana e valorizar [&hellip;]<\/p>\n                                <a title=\"Elei\u00e7\u00f5es COMITES 2026\" class=\"read-more\" href=\"https:\/\/consbelohorizonte.esteri.it\/pt\/news\/dal_consolato\/2026\/07\/eleicoes-comites-2026\/\">\n                                    <span class=\"text\">Leia mais<\/span>\n                                    <svg class=\"icon\">\n                                    <use xlink:href=\"https:\/\/consbelohorizonte.esteri.it\/wp-content\/themes\/sedi-tema\/assets\/svg\/sprites.svg#it-arrow-right\"><\/use>\n                                    <\/svg>\n                                <\/a>\n                                                    <\/div>\n                    <\/div>\n                <\/div>\n                <!--end card-->\n                <\/div><!-- col-12 .mt-3-->\n                            <div class=\"col-12 mt-3\">\n                <!--start card-->\n                <div class=\"card-wrapper card-space\">\n                    <div class=\"card card-bg card-big border-bottom-card\">\n                        <div class=\"card-body \">\n                                                        <div class=\"category-top\">\n                                                                                                            <span class=\"\">\n                                        <svg class=\"icon icon-secondary\">\n                                            <use xlink:href=\"https:\/\/consbelohorizonte.esteri.it\/wp-content\/themes\/sedi-tema\/assets\/svg\/sprites.svg#it-calendar\"><\/use>\n                                        <\/svg> 18 June 2026                                    <\/span>\n                                                                    <\/div>\n                            <h5 class=\"card-title big-heading text-uppercase\"><a class=\"text-body text-decoration-none\" href=\"https:\/\/consbelohorizonte.esteri.it\/pt\/news\/dal_consolato\/2026\/06\/8-1-2-festa-do-cinema-italiano\/\" title=\"8 1\/2 FESTA DO CINEMA ITALIANO\">8 1\/2 FESTA DO CINEMA ITALIANO<\/a><\/h5>\n                            <p class=\"card-text\">FESTIVAL \u201c8 \u00bd FESTA DO CINEMA ITALIANO POR GENERALI\u201d SER\u00c1 REALIZADO DE 25 DE JUNHO A 1\u00ba DE JULHO EM TODO O BRASIL \u00a0 Em Belo Horizonte o festival acontece nas salas de cinema do Cine Belas Artes e do Minas t\u00eanis Clube. &nbsp; Em 2026, o 8 \u00bd Festa do Cinema Italiano por Generali [&hellip;]<\/p>\n                                <a title=\"8 1\/2 FESTA DO CINEMA ITALIANO\" class=\"read-more\" href=\"https:\/\/consbelohorizonte.esteri.it\/pt\/news\/dal_consolato\/2026\/06\/8-1-2-festa-do-cinema-italiano\/\">\n                                    <span class=\"text\">Leia mais<\/span>\n                                    <svg class=\"icon\">\n                                    <use xlink:href=\"https:\/\/consbelohorizonte.esteri.it\/wp-content\/themes\/sedi-tema\/assets\/svg\/sprites.svg#it-arrow-right\"><\/use>\n                                    <\/svg>\n                                <\/a>\n                                                    <\/div>\n                    <\/div>\n                <\/div>\n                <!--end card-->\n                <\/div><!-- col-12 .mt-3-->\n                            <div class=\"col-12 mt-3\">\n                <!--start card-->\n                <div class=\"card-wrapper card-space\">\n                    <div class=\"card card-bg card-big border-bottom-card\">\n                        <div class=\"card-body \">\n                                                        <div class=\"category-top\">\n                                                                                                            <span class=\"\">\n                                        <svg class=\"icon icon-secondary\">\n                                            <use xlink:href=\"https:\/\/consbelohorizonte.esteri.it\/wp-content\/themes\/sedi-tema\/assets\/svg\/sprites.svg#it-calendar\"><\/use>\n                                        <\/svg> 8 June 2026                                    <\/span>\n                                                                    <\/div>\n                            <h5 class=\"card-title big-heading text-uppercase\"><a class=\"text-body text-decoration-none\" href=\"https:\/\/consbelohorizonte.esteri.it\/pt\/news\/dal_consolato\/2026\/06\/celebracao-dos-80-anos-da-republica-italiana\/\" title=\"Celebra\u00e7\u00e3o dos 80 anos da Rep\u00fablica Italiana\">Celebra\u00e7\u00e3o dos 80 anos da Rep\u00fablica Italiana<\/a><\/h5>\n                            <p class=\"card-text\">A Festa da Rep\u00fablica Italiana celebrada em Belo Horizonte sob o signo da coopera\u00e7\u00e3o e da cultura Belo Horizonte, 3 de junho de 2026 \u2013 O Consulado Geral em Belo Horizonte celebrou nesta quarta-feira, 3 de junho, a tradicional Festa da Rep\u00fablica Italiana. A cerim\u00f4nia oficial, realizada no prestigiado cen\u00e1rio do Pal\u00e1cio das Mangabeiras, reuniu [&hellip;]<\/p>\n                                <a title=\"Celebra\u00e7\u00e3o dos 80 anos da Rep\u00fablica Italiana\" class=\"read-more\" href=\"https:\/\/consbelohorizonte.esteri.it\/pt\/news\/dal_consolato\/2026\/06\/celebracao-dos-80-anos-da-republica-italiana\/\">\n                                    <span class=\"text\">Leia mais<\/span>\n                                    <svg class=\"icon\">\n                                    <use xlink:href=\"https:\/\/consbelohorizonte.esteri.it\/wp-content\/themes\/sedi-tema\/assets\/svg\/sprites.svg#it-arrow-right\"><\/use>\n                                    <\/svg>\n                                <\/a>\n                                                    <\/div>\n                    <\/div>\n                <\/div>\n                <!--end card-->\n                <\/div><!-- col-12 .mt-3-->\n                            <div class=\"col-12 mt-3\">\n                <!--start card-->\n                <div class=\"card-wrapper card-space\">\n                    <div class=\"card card-bg card-big border-bottom-card\">\n                        <div class=\"card-body \">\n                                                        <div class=\"category-top\">\n                                                                                                            <span class=\"\">\n                                        <svg class=\"icon icon-secondary\">\n                                            <use xlink:href=\"https:\/\/consbelohorizonte.esteri.it\/wp-content\/themes\/sedi-tema\/assets\/svg\/sprites.svg#it-calendar\"><\/use>\n                                        <\/svg> 4 June 2026                                    <\/span>\n                                                                    <\/div>\n                            <h5 class=\"card-title big-heading text-uppercase\"><a class=\"text-body text-decoration-none\" href=\"https:\/\/consbelohorizonte.esteri.it\/pt\/news\/dal_consolato\/2026\/06\/seminario-transmutar-recebe-o-cientista-italiano-stefano-mancuso\/\" title=\"Semin\u00e1rio Transmutar recebe o cientista Italiano Stefano Mancuso\">Semin\u00e1rio Transmutar recebe o cientista Italiano Stefano Mancuso<\/a><\/h5>\n                            <p class=\"card-text\">Semin\u00e1rio Internacional Transmutar: Transflu\u00eancias Com apoio do Consulado Geral da It\u00e1lia, Instituto Inhotim recebe o cientista Stefano Mancuso para o Semin\u00e1rio Internacional Transmutar Parceria consolidada desde 2025 entre o Consulado Italiano em Belo Horizonte e o Inhotim traz ao Brasil uma das maiores autoridades mundiais em intelig\u00eancia vegetal para debater emerg\u00eancias clim\u00e1ticas e biodiversidade. Brumadinho [&hellip;]<\/p>\n                                <a title=\"Semin\u00e1rio Transmutar recebe o cientista Italiano Stefano Mancuso\" class=\"read-more\" href=\"https:\/\/consbelohorizonte.esteri.it\/pt\/news\/dal_consolato\/2026\/06\/seminario-transmutar-recebe-o-cientista-italiano-stefano-mancuso\/\">\n                                    <span class=\"text\">Leia mais<\/span>\n                                    <svg class=\"icon\">\n                                    <use xlink:href=\"https:\/\/consbelohorizonte.esteri.it\/wp-content\/themes\/sedi-tema\/assets\/svg\/sprites.svg#it-arrow-right\"><\/use>\n                                    <\/svg>\n                                <\/a>\n                                                    <\/div>\n                    <\/div>\n                <\/div>\n                <!--end card-->\n                <\/div><!-- col-12 .mt-3-->\n                            <div class=\"col-12 mt-3\">\n                <!--start card-->\n                <div class=\"card-wrapper card-space\">\n                    <div class=\"card card-bg card-big border-bottom-card\">\n                        <div class=\"card-body \">\n                                                        <div class=\"category-top\">\n                                                                                                            <span class=\"\">\n                                        <svg class=\"icon icon-secondary\">\n                                            <use xlink:href=\"https:\/\/consbelohorizonte.esteri.it\/wp-content\/themes\/sedi-tema\/assets\/svg\/sprites.svg#it-calendar\"><\/use>\n                                        <\/svg> 1 June 2026                                    <\/span>\n                                                                    <\/div>\n                            <h5 class=\"card-title big-heading text-uppercase\"><a class=\"text-body text-decoration-none\" href=\"https:\/\/consbelohorizonte.esteri.it\/pt\/news\/dal_consolato\/2026\/06\/cie-possibilidade-de-emissao-do-documento-diretamente-na-italia\/\" title=\"CIE &#8211; Possibilidade de emiss\u00e3o do documento diretamente na It\u00e1lia\">CIE &#8211; Possibilidade de emiss\u00e3o do documento diretamente na It\u00e1lia<\/a><\/h5>\n                            <p class=\"card-text\">Nos termos da Lei n\u00ba 11 de 2026, que disp\u00f5e sobre a revis\u00e3o dos servi\u00e7os em favor dos cidad\u00e3os e das empresas no exterior, o cidad\u00e3o inscrito no AIRE poder\u00e1, a partir de 1\u00ba de junho de 2026, apresentar pedido de emiss\u00e3o da Carteira de Identidade Eletr\u00f4nica junto a qualquer Comune italiano. A entrega do [&hellip;]<\/p>\n                                <a title=\"CIE &#8211; Possibilidade de emiss\u00e3o do documento diretamente na It\u00e1lia\" class=\"read-more\" href=\"https:\/\/consbelohorizonte.esteri.it\/pt\/news\/dal_consolato\/2026\/06\/cie-possibilidade-de-emissao-do-documento-diretamente-na-italia\/\">\n                                    <span class=\"text\">Leia mais<\/span>\n                                    <svg class=\"icon\">\n                                    <use xlink:href=\"https:\/\/consbelohorizonte.esteri.it\/wp-content\/themes\/sedi-tema\/assets\/svg\/sprites.svg#it-arrow-right\"><\/use>\n                                    <\/svg>\n                                <\/a>\n                                                    <\/div>\n                    <\/div>\n                <\/div>\n                <!--end card-->\n                <\/div><!-- col-12 .mt-3-->\n                            <div class=\"col-12 mt-3\">\n                <!--start card-->\n                <div class=\"card-wrapper card-space\">\n                    <div class=\"card card-bg card-big border-bottom-card\">\n                        <div class=\"card-body \">\n                                                        <div class=\"category-top\">\n                                                                                                            <span class=\"\">\n                                        <svg class=\"icon icon-secondary\">\n                                            <use xlink:href=\"https:\/\/consbelohorizonte.esteri.it\/wp-content\/themes\/sedi-tema\/assets\/svg\/sprites.svg#it-calendar\"><\/use>\n                                        <\/svg> 30 April 2026                                    <\/span>\n                                                                    <\/div>\n                            <h5 class=\"card-title big-heading text-uppercase\"><a class=\"text-body text-decoration-none\" href=\"https:\/\/consbelohorizonte.esteri.it\/pt\/news\/dal_consolato\/2026\/04\/exposicao-pintura-de-ouvido-para-tocar-a-alma\/\" title=\"Exposi\u00e7\u00e3o Pintura de ouvido para tocar a alma\">Exposi\u00e7\u00e3o Pintura de ouvido para tocar a alma<\/a><\/h5>\n                            <p class=\"card-text\">No dia 24 de fevereiro foi realizada a inaugura\u00e7\u00e3o da exposi\u00e7\u00e3o de pintura intitulada \u201cPinturas de ouvido para tocar a alma\u201d, do artista Guido Boletti, que conta com o apoio oficial do Consulado Geral da It\u00e1lia em Belo Horizonte. A mostra re\u00fane 43 obras abstratas que dialogam com a m\u00fasica e convidam o p\u00fablico a [&hellip;]<\/p>\n                                <a title=\"Exposi\u00e7\u00e3o Pintura de ouvido para tocar a alma\" class=\"read-more\" href=\"https:\/\/consbelohorizonte.esteri.it\/pt\/news\/dal_consolato\/2026\/04\/exposicao-pintura-de-ouvido-para-tocar-a-alma\/\">\n                                    <span class=\"text\">Leia mais<\/span>\n                                    <svg class=\"icon\">\n                                    <use xlink:href=\"https:\/\/consbelohorizonte.esteri.it\/wp-content\/themes\/sedi-tema\/assets\/svg\/sprites.svg#it-arrow-right\"><\/use>\n                                    <\/svg>\n                                <\/a>\n                                                    <\/div>\n                    <\/div>\n                <\/div>\n                <!--end card-->\n                <\/div><!-- col-12 .mt-3-->\n                            <div class=\"col-12 mt-3\">\n                <!--start card-->\n                <div class=\"card-wrapper card-space\">\n                    <div class=\"card card-bg card-big border-bottom-card\">\n                        <div class=\"card-body \">\n                                                        <div class=\"category-top\">\n                                                                                                            <span class=\"\">\n                                        <svg class=\"icon icon-secondary\">\n                                            <use xlink:href=\"https:\/\/consbelohorizonte.esteri.it\/wp-content\/themes\/sedi-tema\/assets\/svg\/sprites.svg#it-calendar\"><\/use>\n                                        <\/svg> 27 April 2026                                    <\/span>\n                                                                    <\/div>\n                            <h5 class=\"card-title big-heading text-uppercase\"><a class=\"text-body text-decoration-none\" href=\"https:\/\/consbelohorizonte.esteri.it\/pt\/news\/dal_consolato\/2026\/04\/invest-your-talent-in-italy-edital-2026-2027\/\" title=\"\u201cInvest Your Talent in Italy\u201d \u2013 edital 2026\/2027\">\u201cInvest Your Talent in Italy\u201d \u2013 edital 2026\/2027<\/a><\/h5>\n                            <p class=\"card-text\">Est\u00e1 aberto o edital para o ano acad\u00eamico 2026\u20132027 do programa Invest Your Talent in Italy, iniciativa promovida pelo Minist\u00e9rio das Rela\u00e7\u00f5es Exteriores e Coopera\u00e7\u00e3o Internacional da It\u00e1lia com o objetivo de atrair estudantes internacionais altamente qualificados. O programa \u00e9 destinado a candidatos provenientes de 23 pa\u00edses priorit\u00e1rios e oferece a oportunidade de cursar mestrado [&hellip;]<\/p>\n                                <a title=\"\u201cInvest Your Talent in Italy\u201d \u2013 edital 2026\/2027\" class=\"read-more\" href=\"https:\/\/consbelohorizonte.esteri.it\/pt\/news\/dal_consolato\/2026\/04\/invest-your-talent-in-italy-edital-2026-2027\/\">\n                                    <span class=\"text\">Leia mais<\/span>\n                                    <svg class=\"icon\">\n                                    <use xlink:href=\"https:\/\/consbelohorizonte.esteri.it\/wp-content\/themes\/sedi-tema\/assets\/svg\/sprites.svg#it-arrow-right\"><\/use>\n                                    <\/svg>\n                                <\/a>\n                                                    <\/div>\n                    <\/div>\n                <\/div>\n                <!--end card-->\n                <\/div><!-- col-12 .mt-3-->\n            \n            <div class=\"col-md-12 mt-4 pb-4\">\n                <nav class=\"navigation col-md-12\" aria-label=\"Navigation\">\n                    <h2 class=\"screen-reader-text visually-hidden\">Pagina\u00e7\u00e3o<\/h2>\n                    <div class=\"nav-links\">\n                    <span aria-current=\"page\" class=\"page-numbers current\">1<\/span>\n<a class=\"page-numbers\" href=\"https:\/\/consbelohorizonte.esteri.it\/pt\/wp-json\/wp\/v2\/pages\/31\/?pag=2\">2<\/a>\n<a class=\"page-numbers\" href=\"https:\/\/consbelohorizonte.esteri.it\/pt\/wp-json\/wp\/v2\/pages\/31\/?pag=3\">3<\/a>\n<span class=\"page-numbers dots\">&hellip;<\/span>\n<a class=\"page-numbers\" href=\"https:\/\/consbelohorizonte.esteri.it\/pt\/wp-json\/wp\/v2\/pages\/31\/?pag=46\">46<\/a>\n<a class=\"next page-numbers\" href=\"https:\/\/consbelohorizonte.esteri.it\/pt\/wp-json\/wp\/v2\/pages\/31\/?pag=2\"><svg class=\"icon icon-primary\"><use xlink:href=\"https:\/\/consbelohorizonte.esteri.it\/wp-content\/themes\/sedi-tema\/assets\/svg\/sprites.svg#it-chevron-right\"><\/use><\/svg>\n                                    <span class=\"visually-hidden\">Pr\u00f3xima p\u00e1gina<\/span><\/a>                    <\/div>\n                <\/nav>\n            <\/div>   <!--.col-md-12 -->\n              <\/div><!--.row -->\n              \n","protected":false},"excerpt":{"rendered":"","protected":false},"author":1,"featured_media":0,"parent":0,"menu_order":0,"comment_status":"closed","ping_status":"closed","template":"","meta":{"footnotes":""},"class_list":["post-31","page","type-page","status-publish","hentry"],"_links":{"self":[{"href":"https:\/\/consbelohorizonte.esteri.it\/pt\/wp-json\/wp\/v2\/pages\/31","targetHints":{"allow":["GET"]}}],"collection":[{"href":"https:\/\/consbelohorizonte.esteri.it\/pt\/wp-json\/wp\/v2\/pages"}],"about":[{"href":"https:\/\/consbelohorizonte.esteri.it\/pt\/wp-json\/wp\/v2\/types\/page"}],"author":[{"embeddable":true,"href":"https:\/\/consbelohorizonte.esteri.it\/pt\/wp-json\/wp\/v2\/users\/1"}],"replies":[{"embeddable":true,"href":"https:\/\/consbelohorizonte.esteri.it\/pt\/wp-json\/wp\/v2\/comments?post=31"}],"version-history":[{"count":0,"href":"https:\/\/consbelohorizonte.esteri.it\/pt\/wp-json\/wp\/v2\/pages\/31\/revisions"}],"wp:attachment":[{"href":"https:\/\/consbelohorizonte.esteri.it\/pt\/wp-json\/wp\/v2\/media?parent=31"}],"curies":[{"name":"wp","href":"https:\/\/api.w.org\/{rel}","templated":true}]}}