{"id":211,"date":"2022-12-12T11:58:36","date_gmt":"2022-12-12T10:58:36","guid":{"rendered":"https:\/\/consbelohorizonte.esteri.it\/servizi-consolari-e-visti\/servizi-per-il-cittadino-straniero\/traduzione-e-legalizzazione-dei-documenti\/"},"modified":"2022-12-12T12:11:44","modified_gmt":"2022-12-12T11:11:44","slug":"traduzione-e-legalizzazione-dei-documenti","status":"publish","type":"page","link":"https:\/\/consbelohorizonte.esteri.it\/pt\/servizi-consolari-e-visti\/servizi-per-il-cittadino-straniero\/traduzione-e-legalizzazione-dei-documenti\/","title":{"rendered":"Tradu\u00e7\u00e3o e legaliza\u00e7\u00e3o de documentos"},"content":{"rendered":"<p>Em 14 de agosto de 2016 entrou em vigor para o Brasil a\u00a0<strong>Conven\u00e7\u00e3o da Haia<\/strong>, acordo estabelecido pela Confer\u00eancia da Haia de Direito Internacional Privado (HCCH), relativa \u00e0\u00a0<strong>supress\u00e3o da exig\u00eancia da legaliza\u00e7\u00e3o dos atos p\u00fablicos estrangeiros<\/strong>, assinada em 05 de outubro de 1961.<\/p>\n<p>A partir daquela data,\u00a0<strong>a legaliza\u00e7\u00e3o dos atos p\u00fablicos brasileiros<\/strong>\u00a0\u2013 em base \u00e0 Resolu\u00e7\u00e3o do Conselho Nacional de Justi\u00e7a no 228 de 22 de junho de 2016 \u2013\u00a0<strong>foi substitu\u00edda exclusivamente pelo instrumento da \u201cApostila\u201d utilizada por parte dos Cart\u00f3rios das Capitais Estaduais, indicados no Site www.cnj.jus.br\/haia.<\/strong><\/p>\n<p>A Apostila \u00e9 uma anota\u00e7\u00e3o com a qual os Cart\u00f3rios habilitados autenticam e confirmam a validade do ato p\u00fablico estrangeiro, possibilitando aos cidad\u00e3os brasileiros de n\u00e3o mais ter que solicitar junto aos Consulados territorialmente competentes a prevista legaliza\u00e7\u00e3o de tais documentos.<\/p>\n<p>A Apostila \u00e9 outrossim aplicada \u00e0s tradu\u00e7\u00f5es dos pr\u00f3prios atos p\u00fablicos realizadas por parte de Tradutor P\u00fablico Juramentado inclu\u00eddo nas listagens elaboradas pelas Juntas Comerciais de cada Estado da Federa\u00e7\u00e3o.<\/p>\n<p>Para a lista de tradutores juramentados &#8211;\u00a0<a href=\"http:\/\/www.consbelohorizonte.esteri.it\/consolato_belohorizonte\/pt\/la_comunicazione\/dal_consolato\/elenco-dei-traduttori-pubblici.html\">clique aqui<\/a>.<\/p>\n","protected":false},"excerpt":{"rendered":"Em 14 de agosto de 2016 entrou em vigor para o Brasil a\u00a0Conven\u00e7\u00e3o da Haia, acordo estabelecido pela Confer\u00eancia da Haia de Direito Internacional Privado (HCCH), relativa \u00e0\u00a0supress\u00e3o da exig\u00eancia da legaliza\u00e7\u00e3o dos atos p\u00fablicos estrangeiros, assinada em 05 de outubro de 1961. A partir daquela data,\u00a0a legaliza\u00e7\u00e3o dos atos p\u00fablicos brasileiros\u00a0\u2013 em base \u00e0 [&hellip;]","protected":false},"author":3,"featured_media":0,"parent":103,"menu_order":0,"comment_status":"closed","ping_status":"closed","template":"","meta":{"footnotes":""},"class_list":["post-211","page","type-page","status-publish","hentry"],"_links":{"self":[{"href":"https:\/\/consbelohorizonte.esteri.it\/pt\/wp-json\/wp\/v2\/pages\/211","targetHints":{"allow":["GET"]}}],"collection":[{"href":"https:\/\/consbelohorizonte.esteri.it\/pt\/wp-json\/wp\/v2\/pages"}],"about":[{"href":"https:\/\/consbelohorizonte.esteri.it\/pt\/wp-json\/wp\/v2\/types\/page"}],"author":[{"embeddable":true,"href":"https:\/\/consbelohorizonte.esteri.it\/pt\/wp-json\/wp\/v2\/users\/3"}],"replies":[{"embeddable":true,"href":"https:\/\/consbelohorizonte.esteri.it\/pt\/wp-json\/wp\/v2\/comments?post=211"}],"version-history":[{"count":0,"href":"https:\/\/consbelohorizonte.esteri.it\/pt\/wp-json\/wp\/v2\/pages\/211\/revisions"}],"up":[{"embeddable":true,"href":"https:\/\/consbelohorizonte.esteri.it\/pt\/wp-json\/wp\/v2\/pages\/103"}],"wp:attachment":[{"href":"https:\/\/consbelohorizonte.esteri.it\/pt\/wp-json\/wp\/v2\/media?parent=211"}],"curies":[{"name":"wp","href":"https:\/\/api.w.org\/{rel}","templated":true}]}}