{"id":209,"date":"2022-12-12T11:57:34","date_gmt":"2022-12-12T14:57:34","guid":{"rendered":"https:\/\/consbelohorizonte.esteri.it\/servizi-consolari-e-visti\/servizi-per-il-cittadino-straniero\/visti\/"},"modified":"2023-05-25T12:44:24","modified_gmt":"2023-05-25T15:44:24","slug":"visti","status":"publish","type":"page","link":"https:\/\/consbelohorizonte.esteri.it\/pt\/servizi-consolari-e-visti\/servizi-per-il-cittadino-straniero\/visti\/","title":{"rendered":"Vistos"},"content":{"rendered":"<p class=\"x_MsoNormal\"><strong><span lang=\"PT\">O servi\u00e7o de vistos foi transferido para o Consulado Geral da It\u00e1lia em S\u00e3o Paulo.<\/span><\/strong><\/p>\n<p class=\"x_MsoNormal\"><span lang=\"PT\">Informamos aos usu\u00e1rios que a partir de 17\/10\/2022, o Consulado Geral de S\u00e3o Paulo \u00e9 respons\u00e1vel pelo fornecimento de vistos para os requerentes residentes em Minas Gerais.<\/span><\/p>\n<p class=\"x_MsoNormal\"><span lang=\"PT\">As informa\u00e7\u00f5es para solicita\u00e7\u00e3o do visto se encontram nesta pagina do Consulado Geral da It\u00e1lia em San Paulo,\u00a0<\/span><a href=\"https:\/\/conssanpaolo.esteri.it\/consolato_sanpaolo\/pt\/i_servizi\/per_i_cittadini\/per-chi-si-reca-in-italia\/\" target=\"_blank\" rel=\"noopener noreferrer\"><span lang=\"PT\">clique aqui<\/span><\/a><span lang=\"PT\">.<\/span><\/p>\n","protected":false},"excerpt":{"rendered":"O servi\u00e7o de vistos foi transferido para o Consulado Geral da It\u00e1lia em S\u00e3o Paulo. Informamos aos usu\u00e1rios que a partir de 17\/10\/2022, o Consulado Geral de S\u00e3o Paulo \u00e9 respons\u00e1vel pelo fornecimento de vistos para os requerentes residentes em Minas Gerais. As informa\u00e7\u00f5es para solicita\u00e7\u00e3o do visto se encontram nesta pagina do Consulado Geral [&hellip;]","protected":false},"author":3,"featured_media":0,"parent":103,"menu_order":0,"comment_status":"closed","ping_status":"closed","template":"","meta":{"footnotes":""},"class_list":["post-209","page","type-page","status-publish","hentry"],"_links":{"self":[{"href":"https:\/\/consbelohorizonte.esteri.it\/pt\/wp-json\/wp\/v2\/pages\/209","targetHints":{"allow":["GET"]}}],"collection":[{"href":"https:\/\/consbelohorizonte.esteri.it\/pt\/wp-json\/wp\/v2\/pages"}],"about":[{"href":"https:\/\/consbelohorizonte.esteri.it\/pt\/wp-json\/wp\/v2\/types\/page"}],"author":[{"embeddable":true,"href":"https:\/\/consbelohorizonte.esteri.it\/pt\/wp-json\/wp\/v2\/users\/3"}],"replies":[{"embeddable":true,"href":"https:\/\/consbelohorizonte.esteri.it\/pt\/wp-json\/wp\/v2\/comments?post=209"}],"version-history":[{"count":0,"href":"https:\/\/consbelohorizonte.esteri.it\/pt\/wp-json\/wp\/v2\/pages\/209\/revisions"}],"up":[{"embeddable":true,"href":"https:\/\/consbelohorizonte.esteri.it\/pt\/wp-json\/wp\/v2\/pages\/103"}],"wp:attachment":[{"href":"https:\/\/consbelohorizonte.esteri.it\/pt\/wp-json\/wp\/v2\/media?parent=209"}],"curies":[{"name":"wp","href":"https:\/\/api.w.org\/{rel}","templated":true}]}}